{"id":25305,"date":"2023-11-29T15:50:13","date_gmt":"2023-11-29T15:50:13","guid":{"rendered":"https:\/\/www.digitalizewallonie.be\/fr\/?post_type=activity&#038;p=25305"},"modified":"2023-12-01T10:21:36","modified_gmt":"2023-12-01T10:21:36","slug":"un-nouveau-cours-de-learning-pour-le-forem-avec-eni","status":"publish","type":"activity","link":"https:\/\/www.digitalizewallonie.be\/fr\/session\/un-nouveau-cours-de-learning-pour-le-forem-avec-eni\/","title":{"rendered":"Un nouveau cours d\u2019e-learning pour le FOREM \u2013 avec ENI"},"content":{"rendered":"\n<p>Le FOREM a mis en \u0153uvre un processus de transformation digitale \u00e0 travers des outils de e-learning pour former les demandeurs d&#8217;emploi aux comp\u00e9tences en outils de bureautique. <\/p>\n\n\n\n<p>Malgr\u00e9 des difficult\u00e9s rencontr\u00e9es au niveau de l\u2019infrastructure et des formateurs du FOREM r\u00e9partis entre convaincus et r\u00e9fractaires au e-learning, le projet de digitalisation a abouti \u00e0 des avantages significatifs. Les apprenants ont gagn\u00e9 en autonomie dans leur processus de formation, tandis que les formateurs peuvent se concentrer sur des aspects plus complexes et \u00e0 plus forte valeur ajout\u00e9e dans la formation.<\/p>\n\n\n\n<p>Au cours de cette conf\u00e9rence, vous d\u00e9couvrirez comment une plateforme d\u2019e-learning est mise en place et comment les convaincus et les opposants internes sont r\u00e9concili\u00e9s.<\/p>\n","protected":false},"excerpt":{"rendered":"<p>Le FOREM a mis en \u0153uvre un processus de transformation digitale \u00e0 travers des outils de e-learning pour former les demandeurs d&#8217;emploi aux comp\u00e9tences en outils de bureautique. Malgr\u00e9 des difficult\u00e9s rencontr\u00e9es au niveau de l\u2019infrastructure et des formateurs du FOREM r\u00e9partis entre convaincus et r\u00e9fractaires au e-learning, le projet de digitalisation a abouti \u00e0 [&hellip;]<\/p>\n","protected":false},"featured_media":0,"template":"","meta":{"_seopress_robots_primary_cat":"","_seopress_titles_title":"","_seopress_titles_desc":"","_seopress_robots_index":"","_activity_time_start":"13:30","_activity_time_end":"14:00","_activity_date":"2024-02-01","_activity_price":"0","footnotes":""},"edition":[],"location":[47],"track":[382],"activity_type":[387],"class_list":["post-25305","activity","type-activity","status-publish","hentry","location-success-stories-stage","track-ressources-humaines-formation","activity_type-conversation"],"_guests":[],"_sponsors":[],"_cover_image":null,"_links":{"self":[{"href":"https:\/\/www.digitalizewallonie.be\/fr\/wp-json\/wp\/v2\/activity\/25305","targetHints":{"allow":["GET"]}}],"collection":[{"href":"https:\/\/www.digitalizewallonie.be\/fr\/wp-json\/wp\/v2\/activity"}],"about":[{"href":"https:\/\/www.digitalizewallonie.be\/fr\/wp-json\/wp\/v2\/types\/activity"}],"version-history":[{"count":4,"href":"https:\/\/www.digitalizewallonie.be\/fr\/wp-json\/wp\/v2\/activity\/25305\/revisions"}],"predecessor-version":[{"id":26251,"href":"https:\/\/www.digitalizewallonie.be\/fr\/wp-json\/wp\/v2\/activity\/25305\/revisions\/26251"}],"wp:attachment":[{"href":"https:\/\/www.digitalizewallonie.be\/fr\/wp-json\/wp\/v2\/media?parent=25305"}],"wp:term":[{"taxonomy":"edition","embeddable":true,"href":"https:\/\/www.digitalizewallonie.be\/fr\/wp-json\/wp\/v2\/edition?post=25305"},{"taxonomy":"location","embeddable":true,"href":"https:\/\/www.digitalizewallonie.be\/fr\/wp-json\/wp\/v2\/location?post=25305"},{"taxonomy":"track","embeddable":true,"href":"https:\/\/www.digitalizewallonie.be\/fr\/wp-json\/wp\/v2\/track?post=25305"},{"taxonomy":"activity_type","embeddable":true,"href":"https:\/\/www.digitalizewallonie.be\/fr\/wp-json\/wp\/v2\/activity_type?post=25305"}],"curies":[{"name":"wp","href":"https:\/\/api.w.org\/{rel}","templated":true}]}}