{"id":26565,"date":"2023-12-04T13:12:53","date_gmt":"2023-12-04T13:12:53","guid":{"rendered":"https:\/\/www.digitalizewallonie.be\/fr\/?post_type=activity&#038;p=26565"},"modified":"2023-12-04T14:23:48","modified_gmt":"2023-12-04T14:23:48","slug":"gagnez-en-competitivite-et-attractivite-grace-au-numerique-responsable-2","status":"publish","type":"activity","link":"https:\/\/www.digitalizewallonie.be\/fr\/session\/gagnez-en-competitivite-et-attractivite-grace-au-numerique-responsable-2\/","title":{"rendered":"Gagnez en comp\u00e9titivit\u00e9 et attractivit\u00e9 gr\u00e2ce au num\u00e9rique responsable"},"content":{"rendered":"\n<p>La transformation num\u00e9rique est une priorit\u00e9 pour de nombreuses organisations et est un \u00e9l\u00e9ment crucial de la transition \u00e9nerg\u00e9tique. <\/p>\n\n\n\n<p>Pourtant, ses impacts n\u00e9gatifs sur l\u2019environnement sont fortement sous-estim\u00e9s et peuvent r\u00e9duire \u00e0 n\u00e9ant les autres efforts de r\u00e9duction d\u2019empreinte carbone. Le num\u00e9rique peut aussi devenir source d&#8217;exclusion. Comprendre, ma\u00eetriser et r\u00e9duire les impacts environnementaux et sociaux des services num\u00e9riques d\u2019une organisation devient d\u00e8s lors un \u00e9l\u00e9ment essentiel de sa strat\u00e9gie RSE. Cerise sur le g\u00e2teau : adopter le num\u00e9rique responsable permet des \u00e9conomies et peut apporter un avantage comp\u00e9titif important ! <\/p>\n\n\n\n<p>Mais comment s\u2019y prendre concr\u00e8tement ? Cette courte introduction au num\u00e9rique responsable r\u00e9sumera les enjeux, apportera des r\u00e9ponses pratiques et pr\u00e9sentera les actions de base \u00e0 mettre en \u0153uvre en entreprise, quelle que soit sa taille ou son domaine.<\/p>\n\n\n\n<p>Plus d&#8217;informations : <a href=\"https:\/\/www.cevora.be\/fr\/formations\/Classe-en-ligne-Comment-maitriser-votre-empreinte-carbone-numerique\" target=\"_blank\" rel=\"noreferrer noopener\">https:\/\/www.cevora.be\/fr\/formations\/Classe-en-ligne-Comment-maitriser-votre-empreinte-carbone-numerique<\/a><\/p>\n","protected":false},"excerpt":{"rendered":"<p>La transformation num\u00e9rique est une priorit\u00e9 pour de nombreuses organisations et est un \u00e9l\u00e9ment crucial de la transition \u00e9nerg\u00e9tique. Pourtant, ses impacts n\u00e9gatifs sur l\u2019environnement sont fortement sous-estim\u00e9s et peuvent r\u00e9duire \u00e0 n\u00e9ant les autres efforts de r\u00e9duction d\u2019empreinte carbone. Le num\u00e9rique peut aussi devenir source d&#8217;exclusion. Comprendre, ma\u00eetriser et r\u00e9duire les impacts environnementaux et [&hellip;]<\/p>\n","protected":false},"featured_media":0,"template":"","meta":{"_seopress_robots_primary_cat":"","_seopress_titles_title":"","_seopress_titles_desc":"","_seopress_robots_index":"","_activity_time_start":"13:00","_activity_time_end":"14:00","_activity_date":"2024-01-31","_activity_price":"0","footnotes":""},"edition":[],"location":[48],"track":[385],"activity_type":[389],"class_list":["post-26565","activity","type-activity","status-publish","hentry","location-workshops-ia","track-it-cybersecurite","activity_type-atelier"],"_guests":[{"href":"https:\/\/www.digitalizewallonie.be\/fr\/wp-json\/wp\/v2\/guest\/17737"}],"_sponsors":[],"_cover_image":null,"_links":{"self":[{"href":"https:\/\/www.digitalizewallonie.be\/fr\/wp-json\/wp\/v2\/activity\/26565","targetHints":{"allow":["GET"]}}],"collection":[{"href":"https:\/\/www.digitalizewallonie.be\/fr\/wp-json\/wp\/v2\/activity"}],"about":[{"href":"https:\/\/www.digitalizewallonie.be\/fr\/wp-json\/wp\/v2\/types\/activity"}],"version-history":[{"count":1,"href":"https:\/\/www.digitalizewallonie.be\/fr\/wp-json\/wp\/v2\/activity\/26565\/revisions"}],"predecessor-version":[{"id":26568,"href":"https:\/\/www.digitalizewallonie.be\/fr\/wp-json\/wp\/v2\/activity\/26565\/revisions\/26568"}],"wp:attachment":[{"href":"https:\/\/www.digitalizewallonie.be\/fr\/wp-json\/wp\/v2\/media?parent=26565"}],"wp:term":[{"taxonomy":"edition","embeddable":true,"href":"https:\/\/www.digitalizewallonie.be\/fr\/wp-json\/wp\/v2\/edition?post=26565"},{"taxonomy":"location","embeddable":true,"href":"https:\/\/www.digitalizewallonie.be\/fr\/wp-json\/wp\/v2\/location?post=26565"},{"taxonomy":"track","embeddable":true,"href":"https:\/\/www.digitalizewallonie.be\/fr\/wp-json\/wp\/v2\/track?post=26565"},{"taxonomy":"activity_type","embeddable":true,"href":"https:\/\/www.digitalizewallonie.be\/fr\/wp-json\/wp\/v2\/activity_type?post=26565"}],"curies":[{"name":"wp","href":"https:\/\/api.w.org\/{rel}","templated":true}]}}