{"id":26596,"date":"2023-12-04T13:38:56","date_gmt":"2023-12-04T13:38:56","guid":{"rendered":"https:\/\/www.digitalizewallonie.be\/fr\/?post_type=activity&#038;p=26596"},"modified":"2024-01-08T12:35:27","modified_gmt":"2024-01-08T12:35:27","slug":"les-nouveaux-modes-de-travail-et-leurs-consequences-fiscales-pour-le-travailleur-et-lemployeur-par-lucm","status":"publish","type":"activity","link":"https:\/\/www.digitalizewallonie.be\/fr\/session\/les-nouveaux-modes-de-travail-et-leurs-consequences-fiscales-pour-le-travailleur-et-lemployeur-par-lucm\/","title":{"rendered":"Les nouveaux modes de travail et leurs cons\u00e9quences fiscales pour le travailleur et l\u2019employeur &#8211; par l&#8217;UCM"},"content":{"rendered":"\n<p>Depuis 2020 et le d\u00e9but de la pand\u00e9mie de Covid-19, le travail \u00e0 distance fait partie int\u00e9grante du monde du travail. <\/p>\n\n\n\n<p>Au d\u00e9part impos\u00e9 par le gouvernement pour permettre la poursuite des activit\u00e9s professionnelles sans risque, il r\u00e9pond aujourd\u2019hui \u00e0 la demande croissante de flexibilit\u00e9 des employ\u00e9s.<br><br>Pour faire face \u00e0 cette \u00e9volution du monde du travail, les employeurs adaptent leur mod\u00e8le de travail pour s\u2019attirer les meilleurs talents et ils ont davantage recours \u00e0 une main-d\u2019\u0153uvre sans fronti\u00e8re pour pallier la p\u00e9nurie de profils hautement qualifi\u00e9s. <\/p>\n\n\n\n<p>Cela n\u2019est pas sans cons\u00e9quence sur l\u2019assujettissement en mati\u00e8re fiscale et de s\u00e9curit\u00e9 sociale des employ\u00e9s. Cela contraint \u00e9galement les employeurs \u00e0 g\u00e9rer le risque d\u2019\u00e9tablissement stable \u00e0 l\u2019\u00e9tranger. <\/p>\n\n\n\n<p>Enfin, cela peut avoir des effets sur la politique prix de transfert de l\u2019entreprise en g\u00e9n\u00e9rant de nouvelles transactions intragroupes transfrontali\u00e8res ou en suscitant de facto un transfert de fonctions d\u2019un pays \u00e0 l\u2019autre.<\/p>\n","protected":false},"excerpt":{"rendered":"<p>Depuis 2020 et le d\u00e9but de la pand\u00e9mie de Covid-19, le travail \u00e0 distance fait partie int\u00e9grante du monde du travail. Au d\u00e9part impos\u00e9 par le gouvernement pour permettre la poursuite des activit\u00e9s professionnelles sans risque, il r\u00e9pond aujourd\u2019hui \u00e0 la demande croissante de flexibilit\u00e9 des employ\u00e9s. Pour faire face \u00e0 cette \u00e9volution du monde [&hellip;]<\/p>\n","protected":false},"featured_media":0,"template":"","meta":{"_seopress_robots_primary_cat":"","_seopress_titles_title":"","_seopress_titles_desc":"","_seopress_robots_index":"","_activity_time_start":"15:00","_activity_time_end":"17:00","_activity_date":"2024-01-31","_activity_price":"0","footnotes":""},"edition":[],"location":[345],"track":[384],"activity_type":[386],"class_list":["post-26596","activity","type-activity","status-publish","hentry","location-e-commerce-arena","track-finance-comptabilite","activity_type-keynote"],"_guests":[],"_sponsors":[],"_cover_image":null,"_links":{"self":[{"href":"https:\/\/www.digitalizewallonie.be\/fr\/wp-json\/wp\/v2\/activity\/26596","targetHints":{"allow":["GET"]}}],"collection":[{"href":"https:\/\/www.digitalizewallonie.be\/fr\/wp-json\/wp\/v2\/activity"}],"about":[{"href":"https:\/\/www.digitalizewallonie.be\/fr\/wp-json\/wp\/v2\/types\/activity"}],"version-history":[{"count":2,"href":"https:\/\/www.digitalizewallonie.be\/fr\/wp-json\/wp\/v2\/activity\/26596\/revisions"}],"predecessor-version":[{"id":27089,"href":"https:\/\/www.digitalizewallonie.be\/fr\/wp-json\/wp\/v2\/activity\/26596\/revisions\/27089"}],"wp:attachment":[{"href":"https:\/\/www.digitalizewallonie.be\/fr\/wp-json\/wp\/v2\/media?parent=26596"}],"wp:term":[{"taxonomy":"edition","embeddable":true,"href":"https:\/\/www.digitalizewallonie.be\/fr\/wp-json\/wp\/v2\/edition?post=26596"},{"taxonomy":"location","embeddable":true,"href":"https:\/\/www.digitalizewallonie.be\/fr\/wp-json\/wp\/v2\/location?post=26596"},{"taxonomy":"track","embeddable":true,"href":"https:\/\/www.digitalizewallonie.be\/fr\/wp-json\/wp\/v2\/track?post=26596"},{"taxonomy":"activity_type","embeddable":true,"href":"https:\/\/www.digitalizewallonie.be\/fr\/wp-json\/wp\/v2\/activity_type?post=26596"}],"curies":[{"name":"wp","href":"https:\/\/api.w.org\/{rel}","templated":true}]}}