{"id":34920,"date":"2024-10-23T15:04:20","date_gmt":"2024-10-23T13:04:20","guid":{"rendered":"https:\/\/www.digitalizewallonie.be\/fr\/?post_type=activity&#038;p=34920"},"modified":"2025-01-06T10:16:44","modified_gmt":"2025-01-06T09:16:44","slug":"ia-cas-concrets-dimplementation-pour-les-pme","status":"publish","type":"activity","link":"https:\/\/www.digitalizewallonie.be\/fr\/session\/ia-cas-concrets-dimplementation-pour-les-pme\/","title":{"rendered":"Les opportunit\u00e9s de l\u2019IA pour les PME : une r\u00e9alit\u00e9 accessible"},"content":{"rendered":"\n<p>Contrairement aux id\u00e9es re\u00e7ues, l\u2019intelligence artificielle n\u2019est pas l\u2019apanage des grandes entreprises. Les PME aussi peuvent tirer parti de cette technologie pour transformer leur activit\u00e9 et gagner en comp\u00e9titivit\u00e9. Trois axes majeurs s\u2019offrent \u00e0 elles :<\/p>\n\n\n\n<ul class=\"wp-block-list\">\n<li><strong>Optimisation de l\u2019efficacit\u00e9 op\u00e9rationnelle<\/strong> : faire mieux, plus vite, et \u00e0 moindre co\u00fbt.<\/li>\n\n\n\n<li><strong>Renforcement de l\u2019efficacit\u00e9 commerciale<\/strong> : conqu\u00e9rir de nouveaux march\u00e9s et attirer plus de clients.<\/li>\n\n\n\n<li><strong>Am\u00e9lioration de l\u2019exp\u00e9rience client<\/strong> : se d\u00e9marquer de la concurrence et fid\u00e9liser durablement.<\/li>\n<\/ul>\n\n\n\n<p>Rejoignez-nous pour d\u00e9couvrir des exemples concrets d\u2019impl\u00e9mentations r\u00e9ussies au sein de PME wallonnes, r\u00e9alis\u00e9es avec le soutien du programme d\u2019accompagnement inno-techno du BEP.<\/p>\n","protected":false},"excerpt":{"rendered":"<p>Contrairement aux id\u00e9es re\u00e7ues, l\u2019intelligence artificielle n\u2019est pas l\u2019apanage des grandes entreprises. Les PME aussi peuvent tirer parti de cette technologie pour transformer leur activit\u00e9 et gagner en comp\u00e9titivit\u00e9. Trois axes majeurs s\u2019offrent \u00e0 elles : Rejoignez-nous pour d\u00e9couvrir des exemples concrets d\u2019impl\u00e9mentations r\u00e9ussies au sein de PME wallonnes, r\u00e9alis\u00e9es avec le soutien du programme [&hellip;]<\/p>\n","protected":false},"featured_media":0,"template":"","meta":{"_seopress_robots_primary_cat":"","_seopress_titles_title":"","_seopress_titles_desc":"","_seopress_robots_index":"","_activity_time_start":"11:30","_activity_time_end":"12:15","_activity_date":"2025-01-16","_activity_price":"0","footnotes":""},"edition":[394],"location":[47],"track":[380],"activity_type":[387],"class_list":["post-34920","activity","type-activity","status-publish","hentry","edition-digitalize-namur-2025","location-success-stories-stage","track-general","activity_type-conversation"],"_guests":[{"href":"https:\/\/www.digitalizewallonie.be\/fr\/wp-json\/wp\/v2\/guest\/28210"}],"_sponsors":[],"_cover_image":null,"_links":{"self":[{"href":"https:\/\/www.digitalizewallonie.be\/fr\/wp-json\/wp\/v2\/activity\/34920","targetHints":{"allow":["GET"]}}],"collection":[{"href":"https:\/\/www.digitalizewallonie.be\/fr\/wp-json\/wp\/v2\/activity"}],"about":[{"href":"https:\/\/www.digitalizewallonie.be\/fr\/wp-json\/wp\/v2\/types\/activity"}],"version-history":[{"count":2,"href":"https:\/\/www.digitalizewallonie.be\/fr\/wp-json\/wp\/v2\/activity\/34920\/revisions"}],"predecessor-version":[{"id":38299,"href":"https:\/\/www.digitalizewallonie.be\/fr\/wp-json\/wp\/v2\/activity\/34920\/revisions\/38299"}],"wp:attachment":[{"href":"https:\/\/www.digitalizewallonie.be\/fr\/wp-json\/wp\/v2\/media?parent=34920"}],"wp:term":[{"taxonomy":"edition","embeddable":true,"href":"https:\/\/www.digitalizewallonie.be\/fr\/wp-json\/wp\/v2\/edition?post=34920"},{"taxonomy":"location","embeddable":true,"href":"https:\/\/www.digitalizewallonie.be\/fr\/wp-json\/wp\/v2\/location?post=34920"},{"taxonomy":"track","embeddable":true,"href":"https:\/\/www.digitalizewallonie.be\/fr\/wp-json\/wp\/v2\/track?post=34920"},{"taxonomy":"activity_type","embeddable":true,"href":"https:\/\/www.digitalizewallonie.be\/fr\/wp-json\/wp\/v2\/activity_type?post=34920"}],"curies":[{"name":"wp","href":"https:\/\/api.w.org\/{rel}","templated":true}]}}