{"id":4747,"date":"2022-01-14T16:54:21","date_gmt":"2022-01-14T16:54:21","guid":{"rendered":"https:\/\/www.digitalizewallonie.be\/fr\/?post_type=activity&#038;p=4747"},"modified":"2022-02-09T15:54:09","modified_gmt":"2022-02-09T15:54:09","slug":"les-fondements-pour-accomplir-un-trajet-digital-avec-succes","status":"publish","type":"activity","link":"https:\/\/www.digitalizewallonie.be\/fr\/session\/les-fondements-pour-accomplir-un-trajet-digital-avec-succes\/","title":{"rendered":"Les fondements pour accomplir un trajet digital avec succ\u00e8s: l\u2019humain et les processus"},"content":{"rendered":"<p>Trop souvent, les organisations ont tendance \u00e0 foncer dans la digitalisation (ex: ERP, etc.) sans se rendre compte des facteurs cl\u00e9 de succ\u00e8s pour une mise en oeuvre \u00e0 la hauteur de leurs besoins.<\/p>\n<p>Cette session aura pour but d\u2019informer et sensibiliser l\u2019audience sur ces facteurs afin d\u2019assurer une mise en place r\u00e9ussie et efficace.<\/p>\n<p>Nous allons y aborder les sujets suivants:<\/p>\n<ul>\n<li>Pourquoi et comment impliquer les \u00e9quipes dans la d\u00e9marche de digitalisation<\/li>\n<li>Eviter la mise en place d\u2019outils non-optimaux en r\u00e9fl\u00e9chissant d\u2019abord aux processus organisationnels<\/li>\n<li>L\u2019importance et les avantages de travailler de mani\u00e8re agile dans le d\u00e9veloppement d\u2019outils<\/li>\n<\/ul>\n","protected":false},"excerpt":{"rendered":"<p>Trop souvent, les organisations ont tendance \u00e0 foncer dans la digitalisation (ex: ERP, etc.) sans se rendre compte des facteurs cl\u00e9 de succ\u00e8s pour une mise en oeuvre \u00e0 la hauteur de leurs besoins. Cette session aura pour but d\u2019informer et sensibiliser l\u2019audience sur ces facteurs afin d\u2019assurer une mise en place r\u00e9ussie et efficace. [&hellip;]<\/p>\n","protected":false},"featured_media":0,"template":"","meta":{"_seopress_robots_primary_cat":"","_seopress_titles_title":"","_seopress_titles_desc":"Les fondements pour accomplir un trajet digital avec succ\u00e8s: l\u2019humain et les processus \u2713 Rendez-vous \u00e0 Digitalize Namur \u2713 10 &amp; 11 mars \u2713 Namur Expo \u2713 Entr\u00e9e gratuite","_seopress_robots_index":"","_activity_time_start":"15:00","_activity_time_end":"16:00","_activity_date":"2022-03-10","_activity_price":"0","footnotes":""},"edition":[],"location":[48],"track":[],"activity_type":[],"class_list":["post-4747","activity","type-activity","status-publish","hentry","location-workshops-ia"],"_guests":[],"_sponsors":[],"_cover_image":null,"_links":{"self":[{"href":"https:\/\/www.digitalizewallonie.be\/fr\/wp-json\/wp\/v2\/activity\/4747","targetHints":{"allow":["GET"]}}],"collection":[{"href":"https:\/\/www.digitalizewallonie.be\/fr\/wp-json\/wp\/v2\/activity"}],"about":[{"href":"https:\/\/www.digitalizewallonie.be\/fr\/wp-json\/wp\/v2\/types\/activity"}],"version-history":[{"count":1,"href":"https:\/\/www.digitalizewallonie.be\/fr\/wp-json\/wp\/v2\/activity\/4747\/revisions"}],"predecessor-version":[{"id":4749,"href":"https:\/\/www.digitalizewallonie.be\/fr\/wp-json\/wp\/v2\/activity\/4747\/revisions\/4749"}],"wp:attachment":[{"href":"https:\/\/www.digitalizewallonie.be\/fr\/wp-json\/wp\/v2\/media?parent=4747"}],"wp:term":[{"taxonomy":"edition","embeddable":true,"href":"https:\/\/www.digitalizewallonie.be\/fr\/wp-json\/wp\/v2\/edition?post=4747"},{"taxonomy":"location","embeddable":true,"href":"https:\/\/www.digitalizewallonie.be\/fr\/wp-json\/wp\/v2\/location?post=4747"},{"taxonomy":"track","embeddable":true,"href":"https:\/\/www.digitalizewallonie.be\/fr\/wp-json\/wp\/v2\/track?post=4747"},{"taxonomy":"activity_type","embeddable":true,"href":"https:\/\/www.digitalizewallonie.be\/fr\/wp-json\/wp\/v2\/activity_type?post=4747"}],"curies":[{"name":"wp","href":"https:\/\/api.w.org\/{rel}","templated":true}]}}