{"id":37594,"date":"2025-01-03T15:08:03","date_gmt":"2025-01-03T14:08:03","guid":{"rendered":"https:\/\/www.digitalizewallonie.be\/exhibitor\/cercle-de-wallonie\/"},"modified":"2025-01-06T10:16:47","modified_gmt":"2025-01-06T09:16:47","slug":"cercle-de-wallonie","status":"publish","type":"exhibitor","link":"https:\/\/www.digitalizewallonie.be\/fr\/exhibitor\/cercle-de-wallonie\/","title":{"rendered":"Cercle de Wallonie"},"content":{"rendered":"<p>La plus grande communaut\u00e9 Business de Wallonie-Bruxelles !<\/p>\n<p>Dans le monde des affaires, se constituer un r\u00e9seau est essentiel pour tout dirigeant. <\/p>\n<p>Pour le d\u00e9velopper, il faut \u00eatre l\u00e0 o\u00f9 sont les autres d\u00e9cideurs, \u00e9changer et b\u00e2tir des relations durables. <\/p>\n<p>Le Cercle de Wallonie-Bruxelles vous offre pr\u00e9cis\u00e9ment cet opportunit\u00e9.  <\/p>\n<p>L&#8217;interaction directe avec des d\u00e9cideurs cl\u00e9s facilite le d\u00e9veloppement de partenariats, l&#8217;acc\u00e8s \u00e0 des informations de qualit\u00e9 et des opportunit\u00e9s uniques.<\/p>\n<p>Le Cercle stimule \u00e9galement la visibilit\u00e9 des entreprises membres \u00e0 travers des \u00e9v\u00e9nements et des mises en avant m\u00e9diatiques, contribuant ainsi \u00e0 votre croissance et \u00e0 votre r\u00e9putation.<\/p>\n","protected":false},"excerpt":{"rendered":"<p>La plus grande communaut\u00e9 Business de Wallonie-Bruxelles ! Dans le monde des affaires, se constituer un r\u00e9seau est essentiel pour tout dirigeant. Pour le d\u00e9velopper, il faut \u00eatre l\u00e0 o\u00f9 sont les autres d\u00e9cideurs, \u00e9changer et b\u00e2tir des relations durables. Le Cercle de Wallonie-Bruxelles vous offre pr\u00e9cis\u00e9ment cet opportunit\u00e9. L&#8217;interaction directe avec des d\u00e9cideurs cl\u00e9s [&hellip;]<\/p>\n","protected":false},"featured_media":0,"template":"","meta":{"_seopress_robots_primary_cat":"","_seopress_titles_title":"","_seopress_titles_desc":"","_seopress_robots_index":"","_api_id":"201053","_stand_number":"1233","_partner_id":"35g594knmtbxu","_package_code":"00-EASY-EASYGO3-200","_website":"https:\/\/www.cercledewallonie.com\/","_email":"jonas.benazzi@cercledewallonie.com","_facebook":"","_linkedin":"","_twitter":"","_instagram":"","_zipcode":"5020","_town":"Suarl\u00e9e","_video_banner":"","_floorplan_url":"","footnotes":""},"edition":[394],"country":[81],"exhibitor-category":[422],"class_list":["post-37594","exhibitor","type-exhibitor","status-publish","hentry","edition-digitalize-namur-2025","country-be","exhibitor-category-associations-22056"],"_logo":null,"_cover_image":null,"_thumbnail_id":null,"_products":[],"_news":[],"_jobs":[],"_links":{"self":[{"href":"https:\/\/www.digitalizewallonie.be\/fr\/wp-json\/wp\/v2\/exhibitor\/37594","targetHints":{"allow":["GET"]}}],"collection":[{"href":"https:\/\/www.digitalizewallonie.be\/fr\/wp-json\/wp\/v2\/exhibitor"}],"about":[{"href":"https:\/\/www.digitalizewallonie.be\/fr\/wp-json\/wp\/v2\/types\/exhibitor"}],"version-history":[{"count":1,"href":"https:\/\/www.digitalizewallonie.be\/fr\/wp-json\/wp\/v2\/exhibitor\/37594\/revisions"}],"predecessor-version":[{"id":38357,"href":"https:\/\/www.digitalizewallonie.be\/fr\/wp-json\/wp\/v2\/exhibitor\/37594\/revisions\/38357"}],"wp:attachment":[{"href":"https:\/\/www.digitalizewallonie.be\/fr\/wp-json\/wp\/v2\/media?parent=37594"}],"wp:term":[{"taxonomy":"edition","embeddable":true,"href":"https:\/\/www.digitalizewallonie.be\/fr\/wp-json\/wp\/v2\/edition?post=37594"},{"taxonomy":"country","embeddable":true,"href":"https:\/\/www.digitalizewallonie.be\/fr\/wp-json\/wp\/v2\/country?post=37594"},{"taxonomy":"exhibitor-category","embeddable":true,"href":"https:\/\/www.digitalizewallonie.be\/fr\/wp-json\/wp\/v2\/exhibitor-category?post=37594"}],"curies":[{"name":"wp","href":"https:\/\/api.w.org\/{rel}","templated":true}]}}