{"id":37893,"date":"2025-01-03T15:09:24","date_gmt":"2025-01-03T14:09:24","guid":{"rendered":"https:\/\/www.digitalizewallonie.be\/exhibitor\/speos\/"},"modified":"2025-01-06T10:19:27","modified_gmt":"2025-01-06T09:19:27","slug":"speos","status":"publish","type":"exhibitor","link":"https:\/\/www.digitalizewallonie.be\/fr\/exhibitor\/speos\/","title":{"rendered":"Speos"},"content":{"rendered":"<p>speos d\u00e9veloppe des solutions con\u00e7ues pour doter les entreprises de processus administratifs et financiers optimis\u00e9s et s\u00e9curis\u00e9s. Nous g\u00e9rons tous les aspects de vos flux de documents sortants, de la g\u00e9n\u00e9ration d&#8217;un document \u00e0 sa distribution sur des canaux imprim\u00e9s et num\u00e9riques. Attention ! A partir du 1er janvier 2026, toutes les factures entre entreprises assujetties \u00e0 la TVA (B2B) devront \u00eatre envoy\u00e9es par facturation \u00e9lectronique.<\/p>\n","protected":false},"excerpt":{"rendered":"<p>speos d\u00e9veloppe des solutions con\u00e7ues pour doter les entreprises de processus administratifs et financiers optimis\u00e9s et s\u00e9curis\u00e9s. Nous g\u00e9rons tous les aspects de vos flux de documents sortants, de la g\u00e9n\u00e9ration d&#8217;un document \u00e0 sa distribution sur des canaux imprim\u00e9s et num\u00e9riques. Attention ! A partir du 1er janvier 2026, toutes les factures entre entreprises [&hellip;]<\/p>\n","protected":false},"featured_media":38162,"template":"","meta":{"_seopress_robots_primary_cat":"","_seopress_titles_title":"","_seopress_titles_desc":"","_seopress_robots_index":"","_api_id":"178462","_stand_number":"1403","_partner_id":"2v8nz718rfkrb","_package_code":"00-EASY-EASYGO3-200","_website":"https:\/\/www.speos.be","_email":"koen.deloof@speos.be","_facebook":"","_linkedin":"","_twitter":"","_instagram":"","_zipcode":"1070","_town":"Anderlecht","_video_banner":"","_floorplan_url":"","footnotes":""},"edition":[394],"country":[81],"exhibitor-category":[401],"class_list":["post-37893","exhibitor","type-exhibitor","status-publish","has-post-thumbnail","hentry","edition-digitalize-namur-2025","country-be","exhibitor-category-facturation-electronique"],"_logo":null,"_cover_image":null,"_thumbnail_id":38162,"_products":[{"href":"https:\/\/www.digitalizewallonie.be\/fr\/wp-json\/wp\/v2\/products\/37894"},{"href":"https:\/\/www.digitalizewallonie.be\/fr\/wp-json\/wp\/v2\/products\/37895"},{"href":"https:\/\/www.digitalizewallonie.be\/fr\/wp-json\/wp\/v2\/products\/37896"},{"href":"https:\/\/www.digitalizewallonie.be\/fr\/wp-json\/wp\/v2\/products\/37897"}],"_news":[],"_jobs":[{"href":"https:\/\/www.digitalizewallonie.be\/fr\/wp-json\/wp\/v2\/job\/38747"},{"href":"https:\/\/www.digitalizewallonie.be\/fr\/wp-json\/wp\/v2\/job\/37906"},{"href":"https:\/\/www.digitalizewallonie.be\/fr\/wp-json\/wp\/v2\/job\/37908"},{"href":"https:\/\/www.digitalizewallonie.be\/fr\/wp-json\/wp\/v2\/job\/37902"},{"href":"https:\/\/www.digitalizewallonie.be\/fr\/wp-json\/wp\/v2\/job\/37903"},{"href":"https:\/\/www.digitalizewallonie.be\/fr\/wp-json\/wp\/v2\/job\/37904"},{"href":"https:\/\/www.digitalizewallonie.be\/fr\/wp-json\/wp\/v2\/job\/37905"},{"href":"https:\/\/www.digitalizewallonie.be\/fr\/wp-json\/wp\/v2\/job\/37898"},{"href":"https:\/\/www.digitalizewallonie.be\/fr\/wp-json\/wp\/v2\/job\/37899"},{"href":"https:\/\/www.digitalizewallonie.be\/fr\/wp-json\/wp\/v2\/job\/37900"},{"href":"https:\/\/www.digitalizewallonie.be\/fr\/wp-json\/wp\/v2\/job\/37901"}],"_links":{"self":[{"href":"https:\/\/www.digitalizewallonie.be\/fr\/wp-json\/wp\/v2\/exhibitor\/37893","targetHints":{"allow":["GET"]}}],"collection":[{"href":"https:\/\/www.digitalizewallonie.be\/fr\/wp-json\/wp\/v2\/exhibitor"}],"about":[{"href":"https:\/\/www.digitalizewallonie.be\/fr\/wp-json\/wp\/v2\/types\/exhibitor"}],"version-history":[{"count":1,"href":"https:\/\/www.digitalizewallonie.be\/fr\/wp-json\/wp\/v2\/exhibitor\/37893\/revisions"}],"predecessor-version":[{"id":38607,"href":"https:\/\/www.digitalizewallonie.be\/fr\/wp-json\/wp\/v2\/exhibitor\/37893\/revisions\/38607"}],"wp:featuredmedia":[{"embeddable":true,"href":"https:\/\/www.digitalizewallonie.be\/fr\/wp-json\/wp\/v2\/media\/38162"}],"wp:attachment":[{"href":"https:\/\/www.digitalizewallonie.be\/fr\/wp-json\/wp\/v2\/media?parent=37893"}],"wp:term":[{"taxonomy":"edition","embeddable":true,"href":"https:\/\/www.digitalizewallonie.be\/fr\/wp-json\/wp\/v2\/edition?post=37893"},{"taxonomy":"country","embeddable":true,"href":"https:\/\/www.digitalizewallonie.be\/fr\/wp-json\/wp\/v2\/country?post=37893"},{"taxonomy":"exhibitor-category","embeddable":true,"href":"https:\/\/www.digitalizewallonie.be\/fr\/wp-json\/wp\/v2\/exhibitor-category?post=37893"}],"curies":[{"name":"wp","href":"https:\/\/api.w.org\/{rel}","templated":true}]}}