{"id":38747,"date":"2025-01-07T10:30:58","date_gmt":"2025-01-07T09:30:58","guid":{"rendered":"https:\/\/www.digitalizewallonie.be\/job\/facility-coordinator-hvac-electricite\/"},"modified":"2025-01-07T10:36:10","modified_gmt":"2025-01-07T09:36:10","slug":"facility-coordinator-hvac-electricite","status":"publish","type":"job","link":"https:\/\/www.digitalizewallonie.be\/fr\/job\/facility-coordinator-hvac-electricite\/","title":{"rendered":"Facility Coordinator (HVAC \/ Electricit\u00e9)"},"content":{"rendered":"<p>RESPONSABILIT\u00c9S<\/p>\n<p>En tant que Facility Coordinator, votre r\u00f4le sera de\u00a0:<br \/>\nGestion des installations<\/p>\n<p>Superviser la maintenance des b\u00e2timents, des espaces de travail, des \u00e9quipements de production et des infrastructures (\u00e9lectricit\u00e9, plomberie, etc.) ;<br \/>\nPlanifier et coordonner les interventions de maintenance pr\u00e9ventive et corrective ;<br \/>\nG\u00e9rer les r\u00e9parations urgentes pour garantir la continuit\u00e9 des op\u00e9rations de production ;<br \/>\nAppliquer les consignes de s\u00e9curit\u00e9 et veiller \u00e0 leur respect dans l\u2019ensemble des installations ;<br \/>\nCollaborer avec les \u00e9quipes de production pour maintenir un environnement de travail s\u00fbr, conforme aux normes et s\u2019assurer de la continuit\u00e9 des op\u00e9rations de la production et rem\u00e9dier aux probl\u00e8mes le cas \u00e9ch\u00e9ant ;<br \/>\nPlanifier, coordonner et suivre les projets (techniques, am\u00e9nagements\u2026) tout en veillant \u00e0 la conformit\u00e9 aux standards de qualit\u00e9 et des d\u00e9lais pr\u00e9vus ;<br \/>\nAssurer l&#8217;approvisionnement et la gestion des consommables (for\u00eats, disques\u2026) pour l\u2019outillage ;<br \/>\nG\u00e9rer l&#8217;allocation des espaces de travail et veiller \u00e0 leur optimisation en fonction des besoins des \u00e9quipes ;<br \/>\nSuivre les d\u00e9penses li\u00e9es \u00e0 la maintenance et aux services externes, en veillant \u00e0 rester dans les limites budg\u00e9taires ;<br \/>\nParticiper \u00e0 la planification financi\u00e8re pour les projets d&#8217;am\u00e9lioration ou de r\u00e9novation des installations (gestion Opex\/Capex) ;<\/p>\n","protected":false},"excerpt":{"rendered":"<p>MISSION<br \/>\nEn tant que Facility Coordinator, vous \u00eates responsable de la gestion op\u00e9rationnelle des infrastructures et services g\u00e9n\u00e9raux et de l\u2019optimisation de la consommation des ressources \u00e9nerg\u00e9tiques, afin de garantir la continuit\u00e9 des op\u00e9rations de la production.<br \/>\nVous encadrez et supervisez \u00e9galement les collaborateurs du service Facilities, en planifiant et en r\u00e9partissant les t\u00e2ches en fonction des priorit\u00e9s op\u00e9rationnelles, tout en assurant leur formation continue.<\/p>\n","protected":false},"featured_media":38749,"template":"","meta":{"_seopress_robots_primary_cat":"","_seopress_titles_title":"","_seopress_titles_desc":"","_seopress_robots_index":"","_api_id":"17683","_exhibitors":["37893"],"footnotes":""},"edition":[394],"class_list":["post-38747","job","type-job","status-publish","has-post-thumbnail","hentry","edition-digitalize-namur-2025"],"_links":{"self":[{"href":"https:\/\/www.digitalizewallonie.be\/fr\/wp-json\/wp\/v2\/job\/38747","targetHints":{"allow":["GET"]}}],"collection":[{"href":"https:\/\/www.digitalizewallonie.be\/fr\/wp-json\/wp\/v2\/job"}],"about":[{"href":"https:\/\/www.digitalizewallonie.be\/fr\/wp-json\/wp\/v2\/types\/job"}],"version-history":[{"count":2,"href":"https:\/\/www.digitalizewallonie.be\/fr\/wp-json\/wp\/v2\/job\/38747\/revisions"}],"predecessor-version":[{"id":38750,"href":"https:\/\/www.digitalizewallonie.be\/fr\/wp-json\/wp\/v2\/job\/38747\/revisions\/38750"}],"wp:featuredmedia":[{"embeddable":true,"href":"https:\/\/www.digitalizewallonie.be\/fr\/wp-json\/wp\/v2\/media\/38749"}],"wp:attachment":[{"href":"https:\/\/www.digitalizewallonie.be\/fr\/wp-json\/wp\/v2\/media?parent=38747"}],"wp:term":[{"taxonomy":"edition","embeddable":true,"href":"https:\/\/www.digitalizewallonie.be\/fr\/wp-json\/wp\/v2\/edition?post=38747"}],"curies":[{"name":"wp","href":"https:\/\/api.w.org\/{rel}","templated":true}]}}