{"id":37636,"date":"2025-01-03T15:08:16","date_gmt":"2025-01-03T14:08:16","guid":{"rendered":"https:\/\/www.digitalizewallonie.be\/products\/creos\/"},"modified":"2025-01-06T10:17:16","modified_gmt":"2025-01-06T09:17:16","slug":"creos","status":"publish","type":"products","link":"https:\/\/www.digitalizewallonie.be\/fr\/products\/creos\/","title":{"rendered":"CREOS"},"content":{"rendered":"<p>Creos est une plate-forme web de centralisation de la gestion des \u00e9tablissements scolaires primaires et maternels et du secondaire sp\u00e9cialis\u00e9 du r\u00e9seau officiel subventionn\u00e9.<br \/>\nElle permet la gestion des \u00e9coles (\u00e9l\u00e8ves, personnes responsable, classes et implantations scolaires, gestion et g\u00e9n\u00e9ration de documents officiels, etc) et des pouvoirs organisateurs (gestion des enseignants, de leurs prestations, de leurs absences et \u00e9galement leur remplacement, g\u00e9n\u00e9ration de documents officiels, etc).<\/p>\n","protected":false},"excerpt":{"rendered":"<p>Creos est une plate-forme web de centralisation de la gestion des \u00e9tablissements scolaires primaires et maternels et du secondaire sp\u00e9cialis\u00e9 du r\u00e9seau officiel subventionn\u00e9. Elle permet la gestion des \u00e9coles (\u00e9l\u00e8ves, personnes responsable, classes et implantations scolaires, gestion et g\u00e9n\u00e9ration de documents officiels, etc) et des pouvoirs organisateurs (gestion des enseignants, de leurs prestations, de [&hellip;]<\/p>\n","protected":false},"featured_media":37986,"template":"","meta":{"_seopress_robots_primary_cat":"","_seopress_titles_title":"","_seopress_titles_desc":"","_seopress_robots_index":"","_api_id":"115029","_exhibitors":["37635"],"footnotes":""},"tags":[],"edition":[394],"product-category":[],"class_list":["post-37636","products","type-products","status-publish","has-post-thumbnail","hentry","edition-digitalize-namur-2025"],"_links":{"self":[{"href":"https:\/\/www.digitalizewallonie.be\/fr\/wp-json\/wp\/v2\/products\/37636","targetHints":{"allow":["GET"]}}],"collection":[{"href":"https:\/\/www.digitalizewallonie.be\/fr\/wp-json\/wp\/v2\/products"}],"about":[{"href":"https:\/\/www.digitalizewallonie.be\/fr\/wp-json\/wp\/v2\/types\/products"}],"version-history":[{"count":1,"href":"https:\/\/www.digitalizewallonie.be\/fr\/wp-json\/wp\/v2\/products\/37636\/revisions"}],"predecessor-version":[{"id":38397,"href":"https:\/\/www.digitalizewallonie.be\/fr\/wp-json\/wp\/v2\/products\/37636\/revisions\/38397"}],"wp:featuredmedia":[{"embeddable":true,"href":"https:\/\/www.digitalizewallonie.be\/fr\/wp-json\/wp\/v2\/media\/37986"}],"wp:attachment":[{"href":"https:\/\/www.digitalizewallonie.be\/fr\/wp-json\/wp\/v2\/media?parent=37636"}],"wp:term":[{"taxonomy":"post_tag","embeddable":true,"href":"https:\/\/www.digitalizewallonie.be\/fr\/wp-json\/wp\/v2\/tags?post=37636"},{"taxonomy":"edition","embeddable":true,"href":"https:\/\/www.digitalizewallonie.be\/fr\/wp-json\/wp\/v2\/edition?post=37636"},{"taxonomy":"product-category","embeddable":true,"href":"https:\/\/www.digitalizewallonie.be\/fr\/wp-json\/wp\/v2\/product-category?post=37636"}],"curies":[{"name":"wp","href":"https:\/\/api.w.org\/{rel}","templated":true}]}}