{"id":37694,"date":"2025-01-03T15:08:35","date_gmt":"2025-01-03T14:08:35","guid":{"rendered":"https:\/\/www.digitalizewallonie.be\/products\/infrastructure-reseau\/"},"modified":"2025-10-28T09:49:40","modified_gmt":"2025-10-28T08:49:40","slug":"infrastructure-reseau-creation-et-modernisation","status":"publish","type":"products","link":"https:\/\/www.digitalizewallonie.be\/fr\/products\/infrastructure-reseau-creation-et-modernisation\/","title":{"rendered":"Infrastructure R\u00e9seau &#8211; Cr\u00e9ation et Modernisation"},"content":{"rendered":"<p>\ud835\udc0e\ud835\udc27 \ud835\udc28\ud835\udc29\ud835\udc2d\ud835\udc22\ud835\udc26\ud835\udc22\ud835\udc2c\ud835\udc1e \ud835\udc2f\ud835\udc28\ud835\udc2d\ud835\udc2b\ud835\udc1e \ud835\udc2b\u00e9\ud835\udc2c\ud835\udc1e\ud835\udc1a\ud835\udc2e \ud835\udc2c\ud835\udc1c\ud835\udc28\ud835\udc25\ud835\udc1a\ud835\udc22\ud835\udc2b\ud835\udc1e<br \/>\nBoostez l\u2019exp\u00e9rience num\u00e9rique de vos \u00e9l\u00e8ves et enseignants avec une infrastructure pens\u00e9e pour l\u2019\u00e9ducation. ICT Link con\u00e7oit, d\u00e9ploie et op\u00e8re des r\u00e9seaux scolaires performants, s\u00e9curis\u00e9s et simples \u00e0 g\u00e9rer.<\/p>\n<p>\ud835\udc03\ud835\udc22\ud835\udc1a\ud835\udc20\ud835\udc27\ud835\udc28\ud835\udc2c\ud835\udc2d\ud835\udc22\ud835\udc1c \ud835\udc2c\ud835\udc2e\ud835\udc2b \ud835\udc2c\ud835\udc22\ud835\udc2d\ud835\udc1e<br \/>\nNos \u00e9quipes se d\u00e9placent pour comprendre vos usages r\u00e9els et vos priorit\u00e9s. Nous analysons la couverture et la capacit\u00e9 Wi\u2011Fi, la qualit\u00e9 du r\u00e9seau filaire et la latence des applications. C\u00f4t\u00e9 protection, nous \u00e9valuons la posture de cybers\u00e9curit\u00e9: politiques d\u2019acc\u00e8s, sauvegardes, ainsi que l\u2019\u00e9tat de s\u00fbret\u00e9 de votre b\u00e2timent: cam\u00e9ras et contr\u00f4le d\u2019acc\u00e8s. \u00c0 la cl\u00e9 : une approche personnalis\u00e9e et en lien avec votre r\u00e9alit\u00e9.<\/p>\n<p>\ud835\udc00\ud835\udc2b\ud835\udc1c\ud835\udc21\ud835\udc22\ud835\udc2d\ud835\udc1e\ud835\udc1c\ud835\udc2d\ud835\udc2e\ud835\udc2b\ud835\udc1e \ud835\udc29\ud835\udc2b\u00ea\ud835\udc2d\ud835\udc1e \ud835\udc29\ud835\udc28\ud835\udc2e\ud835\udc2b \ud835\udc25\u2019\ud835\udc1e\ud835\udc27\ud835\udc2c\ud835\udc1e\ud835\udc22\ud835\udc20\ud835\udc27\ud835\udc1e\ud835\udc26\ud835\udc1e\ud835\udc27\ud835\udc2d<br \/>\nNous concevons une infrastructure qui suit le rythme de la vie scolaire:<br \/>\n* \ud835\udc16\ud835\udc22\u2011\ud835\udc05\ud835\udc22 \ud835\udc21\ud835\udc1a\ud835\udc2e\ud835\udc2d\ud835\udc1e \ud835\udc1d\ud835\udc1e\ud835\udc27\ud835\udc2c\ud835\udc22\ud835\udc2d\u00e9 segment\u00e9 par profils (\u00e9l\u00e8ves, enseignants, invit\u00e9s) pour un acc\u00e8s fluide et s\u00e9curis\u00e9.<br \/>\n* \ud835\udc02\u00e2\ud835\udc1b\ud835\udc25\ud835\udc1a\ud835\udc20\ud835\udc1e \ud835\udc1c\ud835\udc1e\ud835\udc2b\ud835\udc2d\ud835\udc22\ud835\udc1f\ud835\udc22\u00e9 \ud835\udc1e\ud835\udc2d \ud835\udc1a\ud835\udc1d\ud835\udc1a\ud835\udc29\ud835\udc2d\u00e9 pour vos salles informatiques, laboratoires et espaces polyvalents.<br \/>\n* \ud835\udc00\ud835\udc1c\ud835\udc1c\u00e8\ud835\udc2c \ud835\udc2c\u00e9\ud835\udc1c\ud835\udc2e\ud835\udc2b\ud835\udc22\ud835\udc2c\u00e9 aux espaces de travail, biblioth\u00e8ques, imprimantes et ressources partag\u00e9es.<br \/>\n* \ud835\udc05\ud835\udc22\ud835\udc25\ud835\udc2d\ud835\udc2b\ud835\udc1a\ud835\udc20\ud835\udc1e \ud835\udc30\ud835\udc1e\ud835\udc1b et politiques d\u2019usage adapt\u00e9es au milieu \u00e9ducatif.<br \/>\n* \ud835\udc02\ud835\udc28\ud835\udc27\ud835\udc2d\ud835\udc22\ud835\udc27\ud835\udc2e\ud835\udc22\ud835\udc2d\u00e9 de service et redondance.<br \/>\n* \ud835\udc11\u00e9\ud835\udc1f\ud835\udc25\ud835\udc1e\ud835\udc31\ud835\udc22\ud835\udc28\ud835\udc27 \u00e9\ud835\udc2f\ud835\udc28\ud835\udc25\ud835\udc2e\ud835\udc2d\ud835\udc22\ud835\udc2f\ud835\udc1e pour accompagner la croissance du parc et des effectifs.<\/p>\n<p>Nous planifions et r\u00e9alisons les travaux sans perturber les cours, assurons la mise en service, les tests de charge et la formation des r\u00e9f\u00e9rents num\u00e9riques.<\/p>\n","protected":false},"excerpt":{"rendered":"<p>\ud835\udc0e\ud835\udc27 \ud835\udc28\ud835\udc29\ud835\udc2d\ud835\udc22\ud835\udc26\ud835\udc22\ud835\udc2c\ud835\udc1e \ud835\udc2f\ud835\udc28\ud835\udc2d\ud835\udc2b\ud835\udc1e \ud835\udc2b\u00e9\ud835\udc2c\ud835\udc1e\ud835\udc1a\ud835\udc2e \ud835\udc2c\ud835\udc1c\ud835\udc28\ud835\udc25\ud835\udc1a\ud835\udc22\ud835\udc2b\ud835\udc1e Boostez l\u2019exp\u00e9rience num\u00e9rique de vos \u00e9l\u00e8ves et enseignants avec une infrastructure pens\u00e9e pour l\u2019\u00e9ducation. ICT Link con\u00e7oit, d\u00e9ploie et op\u00e8re des r\u00e9seaux scolaires performants, s\u00e9curis\u00e9s et simples \u00e0 g\u00e9rer. \ud835\udc03\ud835\udc22\ud835\udc1a\ud835\udc20\ud835\udc27\ud835\udc28\ud835\udc2c\ud835\udc2d\ud835\udc22\ud835\udc1c \ud835\udc2c\ud835\udc2e\ud835\udc2b \ud835\udc2c\ud835\udc22\ud835\udc2d\ud835\udc1e Nos \u00e9quipes se d\u00e9placent pour comprendre vos usages r\u00e9els et vos priorit\u00e9s. Nous analysons la couverture et la [&hellip;]<\/p>\n","protected":false},"featured_media":38023,"template":"","meta":{"_seopress_robots_primary_cat":"","_seopress_titles_title":"","_seopress_titles_desc":"","_seopress_robots_index":"","_api_id":"251816","_exhibitors":["37691"],"footnotes":""},"tags":[],"edition":[394],"product-category":[],"class_list":["post-37694","products","type-products","status-publish","has-post-thumbnail","hentry","edition-digitalize-namur-2025"],"_links":{"self":[{"href":"https:\/\/www.digitalizewallonie.be\/fr\/wp-json\/wp\/v2\/products\/37694","targetHints":{"allow":["GET"]}}],"collection":[{"href":"https:\/\/www.digitalizewallonie.be\/fr\/wp-json\/wp\/v2\/products"}],"about":[{"href":"https:\/\/www.digitalizewallonie.be\/fr\/wp-json\/wp\/v2\/types\/products"}],"version-history":[{"count":5,"href":"https:\/\/www.digitalizewallonie.be\/fr\/wp-json\/wp\/v2\/products\/37694\/revisions"}],"predecessor-version":[{"id":39836,"href":"https:\/\/www.digitalizewallonie.be\/fr\/wp-json\/wp\/v2\/products\/37694\/revisions\/39836"}],"wp:featuredmedia":[{"embeddable":true,"href":"https:\/\/www.digitalizewallonie.be\/fr\/wp-json\/wp\/v2\/media\/38023"}],"wp:attachment":[{"href":"https:\/\/www.digitalizewallonie.be\/fr\/wp-json\/wp\/v2\/media?parent=37694"}],"wp:term":[{"taxonomy":"post_tag","embeddable":true,"href":"https:\/\/www.digitalizewallonie.be\/fr\/wp-json\/wp\/v2\/tags?post=37694"},{"taxonomy":"edition","embeddable":true,"href":"https:\/\/www.digitalizewallonie.be\/fr\/wp-json\/wp\/v2\/edition?post=37694"},{"taxonomy":"product-category","embeddable":true,"href":"https:\/\/www.digitalizewallonie.be\/fr\/wp-json\/wp\/v2\/product-category?post=37694"}],"curies":[{"name":"wp","href":"https:\/\/api.w.org\/{rel}","templated":true}]}}