{"id":38843,"date":"2025-01-09T10:14:29","date_gmt":"2025-01-09T09:14:29","guid":{"rendered":"https:\/\/www.digitalizewallonie.be\/products\/services-archivistiques\/"},"modified":"2025-01-09T14:02:24","modified_gmt":"2025-01-09T13:02:24","slug":"services-archivistiques","status":"publish","type":"products","link":"https:\/\/www.digitalizewallonie.be\/fr\/products\/services-archivistiques\/","title":{"rendered":"Services Archivistiques"},"content":{"rendered":"<p>Face \u00e0 un volume important d&#8217;archives, il est essentiel de faire appel \u00e0 des professionnels. <\/p>\n<p>Nos archivistes mettent \u00e0 votre disposition leur expertise pour organiser, classer et valoriser votre patrimoine documentaire. Ils sont \u00e0 votre \u00e9coute pour vous accompagner dans toutes les \u00e9tapes de la gestion de vos archives.<br \/>\nDu tri initial au classement d\u00e9finitif, en passant par la num\u00e9risation et l&#8217;indexation, ainsi que la mise en place d&#8217;une politique d&#8217;archivage \u00e0 long terme, nous vous proposons des solutions adapt\u00e9es \u00e0 vos besoins sp\u00e9cifiques.<br \/>\nGr\u00e2ce \u00e0 leur savoir-faire, vos archives sont trait\u00e9es avec le plus grand soin, garantissant ainsi leur p\u00e9rennit\u00e9 et leur accessibilit\u00e9.<\/p>\n<p>Contactez Exquando pour un devis personnalis\u00e9.<br \/>\nContact@exquando.com<\/p>\n","protected":false},"excerpt":{"rendered":"<p>Face \u00e0 un volume important d&#8217;archives, il est essentiel de faire appel \u00e0 des professionnels. Nos archivistes mettent \u00e0 votre disposition leur expertise pour organiser, classer et valoriser votre patrimoine documentaire. Ils sont \u00e0 votre \u00e9coute pour vous accompagner dans toutes les \u00e9tapes de la gestion de vos archives. Du tri initial au classement d\u00e9finitif, [&hellip;]<\/p>\n","protected":false},"featured_media":38844,"template":"","meta":{"_seopress_robots_primary_cat":"","_seopress_titles_title":"","_seopress_titles_desc":"","_seopress_robots_index":"","_api_id":"256135","_exhibitors":["37658"],"footnotes":""},"tags":[],"edition":[394],"product-category":[],"class_list":["post-38843","products","type-products","status-publish","has-post-thumbnail","hentry","edition-digitalize-namur-2025"],"_links":{"self":[{"href":"https:\/\/www.digitalizewallonie.be\/fr\/wp-json\/wp\/v2\/products\/38843","targetHints":{"allow":["GET"]}}],"collection":[{"href":"https:\/\/www.digitalizewallonie.be\/fr\/wp-json\/wp\/v2\/products"}],"about":[{"href":"https:\/\/www.digitalizewallonie.be\/fr\/wp-json\/wp\/v2\/types\/products"}],"version-history":[{"count":3,"href":"https:\/\/www.digitalizewallonie.be\/fr\/wp-json\/wp\/v2\/products\/38843\/revisions"}],"predecessor-version":[{"id":38864,"href":"https:\/\/www.digitalizewallonie.be\/fr\/wp-json\/wp\/v2\/products\/38843\/revisions\/38864"}],"wp:featuredmedia":[{"embeddable":true,"href":"https:\/\/www.digitalizewallonie.be\/fr\/wp-json\/wp\/v2\/media\/38844"}],"wp:attachment":[{"href":"https:\/\/www.digitalizewallonie.be\/fr\/wp-json\/wp\/v2\/media?parent=38843"}],"wp:term":[{"taxonomy":"post_tag","embeddable":true,"href":"https:\/\/www.digitalizewallonie.be\/fr\/wp-json\/wp\/v2\/tags?post=38843"},{"taxonomy":"edition","embeddable":true,"href":"https:\/\/www.digitalizewallonie.be\/fr\/wp-json\/wp\/v2\/edition?post=38843"},{"taxonomy":"product-category","embeddable":true,"href":"https:\/\/www.digitalizewallonie.be\/fr\/wp-json\/wp\/v2\/product-category?post=38843"}],"curies":[{"name":"wp","href":"https:\/\/api.w.org\/{rel}","templated":true}]}}